{"id":3701,"date":"2022-11-21T09:53:41","date_gmt":"2022-11-21T14:53:41","guid":{"rendered":"https:\/\/cvietrc.ca\/directory\/centre-culturel-vietnamien-de-montreal\/"},"modified":"2025-10-15T14:56:07","modified_gmt":"2025-10-15T18:56:07","slug":"centre-culturel-vietnamien-de-montreal","status":"publish","type":"at_biz_dir","link":"https:\/\/cvietrc.ca\/vi\/directory\/centre-culturel-vietnamien-de-montreal\/","title":{"rendered":"Centre Culturel Vietnamien du Canada"},"content":{"rendered":"<p>\u0110\u01b0\u1ee3c th\u00e0nh l\u1eadp v\u00e0o n\u0103m 2017, Trung t\u00e2m V\u0103n ho\u00e1 Vi\u1ec7t Nam t\u1ea1i Canada quy t\u1ee5 nh\u1eefng ng\u01b0\u1eddi mong mu\u1ed1n kh\u00e1m ph\u00e1, chia s\u1ebb v\u00e0 g\u00ecn gi\u1eef n\u1ec1n v\u0103n ho\u00e1 Vi\u1ec7t\u2013Canada.<\/p>\n<p>L\u00e0 m\u1ed9t t\u1ed5 ch\u1ee9c phi l\u1ee3i nhu\u1eadn, Trung t\u00e2m th\u1ef1c hi\u1ec7n nhi\u1ec1u d\u1ef1 \u00e1n v\u0103n ho\u00e1, x\u00e3 h\u1ed9i, gi\u00e1o d\u1ee5c v\u00e0 di s\u1ea3n nh\u1eb1m t\u00f4n vinh s\u1ef1 \u0111a d\u1ea1ng v\u00e0 giao thoa gi\u1eefa c\u00e1c n\u1ec1n v\u0103n ho\u00e1.<\/p>\n<p>Trung t\u00e2m ch\u00e0o \u0111\u00f3n t\u1ea5t c\u1ea3 nh\u1eefng ai quan t\u00e2m \u0111\u1ebfn v\u0103n ho\u00e1 Vi\u1ec7t, t\u1eeb ng\u01b0\u1eddi g\u1ed1c Vi\u1ec7t, c\u00e1c c\u1eb7p v\u1ee3 ch\u1ed3ng trong gia \u0111\u00ecnh \u0111a v\u0103n ho\u00e1, b\u1ea1n b\u00e8 hay ng\u01b0\u1eddi th\u00e2n, \u0111\u1ebfn cha m\u1eb9 c\u00f3 con g\u1ed1c Vi\u1ec7t, nh\u1eefng ng\u01b0\u1eddi Vi\u1ec7t trong tim lu\u00f4n g\u00f3p ph\u1ea7n t\u00edch c\u1ef1c v\u00e0o s\u1ee9c s\u1ed1ng c\u1ee7a c\u1ed9ng \u0111\u1ed3ng.<\/p>\n<p>B\u1ed1n l\u0129nh v\u1ef1c ch\u00ednh \u0111\u1ecbnh h\u00ecnh c\u00e1c ho\u1ea1t \u0111\u1ed9ng c\u1ee7a Trung t\u00e2m:<\/p>\n<ol>\n<li>Gi\u00e1o d\u1ee5c: C\u00e1c l\u1edbp h\u1ecdc, h\u1ed9i th\u1ea3o v\u00e0 b\u00e0n tr\u00f2n<\/li>\n<li>V\u0103n h\u00f3a: Tu\u1ea7n l\u1ec5 V\u0103n h\u00f3a Vi\u1ec7t Nam, T\u1ebft, k\u1ebft n\u1ed1i v\u00e0 lan t\u1ecfa v\u0103n h\u00f3a Vi\u1ec7t<\/li>\n<li>Di s\u1ea3n: Ng\u00f4i nh\u00e0 c\u1ee7a Trung t\u00e2m<\/li>\n<li>X\u00e3 h\u1ed9i: Trung t\u00e2m H\u1ed7 tr\u1ee3 C\u1ed9ng \u0111\u1ed3ng Vi\u1ec7t Nam<\/li>\n<\/ol>\n","protected":false},"author":3,"comment_status":"open","ping_status":"closed","template":"","atbdp_listing_types":[216],"at_biz_dir-category":[186,184,206],"at_biz_dir-location":[157],"at_biz_dir-tags":[236],"class_list":["post-3701","at_biz_dir","type-at_biz_dir","status-publish","hentry","atbdp_listing_types-general-vi","at_biz_dir-category-ho-tro-giao-duc-va-dao-tao","at_biz_dir-category-ho-tro-van-hoa","at_biz_dir-category-the-thao-va-hoat-dong-giai-tri","at_biz_dir-location-montreal-vi","at_biz_dir-tags-featured-services-vi"],"_links":{"self":[{"href":"https:\/\/cvietrc.ca\/vi\/wp-json\/wp\/v2\/at_biz_dir\/3701","targetHints":{"allow":["GET"]}}],"collection":[{"href":"https:\/\/cvietrc.ca\/vi\/wp-json\/wp\/v2\/at_biz_dir"}],"about":[{"href":"https:\/\/cvietrc.ca\/vi\/wp-json\/wp\/v2\/types\/at_biz_dir"}],"author":[{"embeddable":true,"href":"https:\/\/cvietrc.ca\/vi\/wp-json\/wp\/v2\/users\/3"}],"replies":[{"embeddable":true,"href":"https:\/\/cvietrc.ca\/vi\/wp-json\/wp\/v2\/comments?post=3701"}],"wp:attachment":[{"href":"https:\/\/cvietrc.ca\/vi\/wp-json\/wp\/v2\/media?parent=3701"}],"wp:term":[{"taxonomy":"atbdp_listing_types","embeddable":true,"href":"https:\/\/cvietrc.ca\/vi\/wp-json\/wp\/v2\/atbdp_listing_types?post=3701"},{"taxonomy":"at_biz_dir-category","embeddable":true,"href":"https:\/\/cvietrc.ca\/vi\/wp-json\/wp\/v2\/at_biz_dir-category?post=3701"},{"taxonomy":"at_biz_dir-location","embeddable":true,"href":"https:\/\/cvietrc.ca\/vi\/wp-json\/wp\/v2\/at_biz_dir-location?post=3701"},{"taxonomy":"at_biz_dir-tags","embeddable":true,"href":"https:\/\/cvietrc.ca\/vi\/wp-json\/wp\/v2\/at_biz_dir-tags?post=3701"}],"curies":[{"name":"wp","href":"https:\/\/api.w.org\/{rel}","templated":true}]}}